{"id":28886,"date":"2024-01-10T19:02:19","date_gmt":"2024-01-10T19:02:19","guid":{"rendered":"https:\/\/www.sundde.gob.ve\/?page_id=28886"},"modified":"2026-01-24T15:03:00","modified_gmt":"2026-01-24T15:03:00","slug":"noticias","status":"publish","type":"page","link":"https:\/\/www.sundde.gob.ve\/?page_id=28886","title":{"rendered":"Noticias"},"content":{"rendered":"\t\t<div data-elementor-type=\"wp-page\" data-elementor-id=\"28886\" class=\"elementor elementor-28886\" data-elementor-post-type=\"page\">\n\t\t\t\t\t\t<section class=\"elementor-section elementor-top-section elementor-element elementor-element-4f91f79 elementor-section-full_width elementor-section-stretched elementor-section-height-default elementor-section-height-default wpr-particle-no wpr-jarallax-no wpr-parallax-no wpr-sticky-section-no\" data-id=\"4f91f79\" data-element_type=\"section\" data-settings=\"{&quot;stretch_section&quot;:&quot;section-stretched&quot;}\">\n\t\t\t\t\t\t<div class=\"elementor-container elementor-column-gap-no\">\n\t\t\t\t\t<div class=\"elementor-column elementor-col-100 elementor-top-column elementor-element elementor-element-3295b63\" data-id=\"3295b63\" data-element_type=\"column\">\n\t\t\t<div class=\"elementor-widget-wrap elementor-element-populated\">\n\t\t\t\t\t\t<div class=\"elementor-element elementor-element-47c3b8e elementor-widget elementor-widget-template\" data-id=\"47c3b8e\" data-element_type=\"widget\" data-widget_type=\"template.default\">\n\t\t\t\t<div class=\"elementor-widget-container\">\n\t\t\t\t\t\t\t<div class=\"elementor-template\">\n\t\t\t\t\t<header data-elementor-type=\"header\" data-elementor-id=\"42216\" class=\"elementor elementor-42216\" data-elementor-post-type=\"elementor_library\">\n\t\t\t\t\t<section class=\"elementor-section elementor-top-section elementor-element elementor-element-f1ddb03 elementor-section-full_width elementor-section-stretched elementor-section-height-default elementor-section-height-default wpr-particle-no wpr-jarallax-no wpr-parallax-no wpr-sticky-section-no\" data-id=\"f1ddb03\" data-element_type=\"section\" data-settings=\"{&quot;stretch_section&quot;:&quot;section-stretched&quot;}\">\n\t\t\t\t\t\t<div class=\"elementor-container elementor-column-gap-no\">\n\t\t\t\t\t<div class=\"elementor-column elementor-col-100 elementor-top-column elementor-element elementor-element-51c0d53\" data-id=\"51c0d53\" data-element_type=\"column\">\n\t\t\t<div class=\"elementor-widget-wrap elementor-element-populated\">\n\t\t\t\t\t\t<div class=\"elementor-element elementor-element-e4d154a elementor-widget elementor-widget-image\" data-id=\"e4d154a\" data-element_type=\"widget\" data-widget_type=\"image.default\">\n\t\t\t\t<div class=\"elementor-widget-container\">\n\t\t\t\t\t\t\t\t\t\t\t\t\t\t\t<img fetchpriority=\"high\" decoding=\"async\" width=\"2000\" height=\"80\" src=\"https:\/\/www.sundde.gob.ve\/wp-content\/uploads\/2026\/01\/cintillo-2000x80-2.png\" class=\"attachment-full size-full wp-image-42514\" alt=\"\" srcset=\"https:\/\/www.sundde.gob.ve\/wp-content\/uploads\/2026\/01\/cintillo-2000x80-2.png 2000w, https:\/\/www.sundde.gob.ve\/wp-content\/uploads\/2026\/01\/cintillo-2000x80-2-300x12.png 300w, https:\/\/www.sundde.gob.ve\/wp-content\/uploads\/2026\/01\/cintillo-2000x80-2-1024x41.png 1024w, https:\/\/www.sundde.gob.ve\/wp-content\/uploads\/2026\/01\/cintillo-2000x80-2-768x31.png 768w, https:\/\/www.sundde.gob.ve\/wp-content\/uploads\/2026\/01\/cintillo-2000x80-2-1536x61.png 1536w, https:\/\/www.sundde.gob.ve\/wp-content\/uploads\/2026\/01\/cintillo-2000x80-2-1140x46.png 1140w\" sizes=\"(max-width: 2000px) 100vw, 2000px\" \/>\t\t\t\t\t\t\t\t\t\t\t\t\t\t\t<\/div>\n\t\t\t\t<\/div>\n\t\t\t\t\t<\/div>\n\t\t<\/div>\n\t\t\t\t\t<\/div>\n\t\t<\/section>\n\t\t\t\t<\/header>\n\t\t\t\t<\/div>\n\t\t\t\t\t\t<\/div>\n\t\t\t\t<\/div>\n\t\t\t\t\t<\/div>\n\t\t<\/div>\n\t\t\t\t\t<\/div>\n\t\t<\/section>\n\t\t\t\t<section data-wpr-sticky-section=\"yes\" data-wpr-position-type=\"sticky\" data-wpr-position-offset=\"0\" data-wpr-position-location=\"top\" data-wpr-sticky-devices=\"desktop_sticky\" data-wpr-custom-breakpoints=\"default\" data-wpr-active-breakpoints=\"mobile_sticky tablet_sticky desktop_sticky\" data-wpr-z-index=\"10\" data-wpr-sticky-hide=\"\" data-wpr-replace-header=\"\" data-wpr-animation-duration=\"\" data-wpr-sticky-type=\"sticky\" class=\"elementor-section elementor-top-section elementor-element elementor-element-00ae295 elementor-section-full_width elementor-section-stretched wpr-sticky-section-yes elementor-section-content-top elementor-section-height-default elementor-section-height-default wpr-particle-no wpr-jarallax-no wpr-parallax-no\" data-id=\"00ae295\" data-element_type=\"section\" data-settings=\"{&quot;stretch_section&quot;:&quot;section-stretched&quot;,&quot;position_offset&quot;:0,&quot;position_offset_tablet&quot;:0,&quot;position_offset_mobile&quot;:0}\">\n\t\t\t\t\t\t<div class=\"elementor-container elementor-column-gap-no\">\n\t\t\t\t\t<div class=\"elementor-column elementor-col-100 elementor-top-column elementor-element elementor-element-f7a7d0a\" data-id=\"f7a7d0a\" data-element_type=\"column\">\n\t\t\t<div class=\"elementor-widget-wrap elementor-element-populated\">\n\t\t\t\t\t\t<div class=\"elementor-element elementor-element-e435d64 elementor-widget elementor-widget-template\" data-id=\"e435d64\" data-element_type=\"widget\" data-widget_type=\"template.default\">\n\t\t\t\t<div class=\"elementor-widget-container\">\n\t\t\t\t\t\t\t<div class=\"elementor-template\">\n\t\t\t\t\t<header data-elementor-type=\"header\" data-elementor-id=\"42194\" class=\"elementor elementor-42194\" data-elementor-post-type=\"elementor_library\">\n\t\t\t\t\t<section data-wpr-sticky-section=\"yes\" data-wpr-position-type=\"sticky\" data-wpr-position-offset=\"0\" data-wpr-position-location=\"top\" data-wpr-sticky-devices=\"desktop_sticky\" data-wpr-custom-breakpoints=\"default\" data-wpr-active-breakpoints=\"mobile_sticky tablet_sticky desktop_sticky\" data-wpr-z-index=\"10\" data-wpr-sticky-hide=\"\" data-wpr-replace-header=\"\" data-wpr-animation-duration=\"\" data-wpr-sticky-type=\"sticky\" class=\"elementor-section elementor-top-section elementor-element elementor-element-0e8d008 elementor-section-full_width elementor-section-stretched wpr-sticky-section-yes elementor-section-height-default elementor-section-height-default wpr-particle-no wpr-jarallax-no wpr-parallax-no\" data-id=\"0e8d008\" data-element_type=\"section\" data-settings=\"{&quot;stretch_section&quot;:&quot;section-stretched&quot;,&quot;background_background&quot;:&quot;classic&quot;,&quot;position_offset&quot;:0,&quot;position_offset_tablet&quot;:0,&quot;position_offset_mobile&quot;:0}\">\n\t\t\t\t\t\t<div class=\"elementor-container elementor-column-gap-no\">\n\t\t\t\t\t<div class=\"elementor-column elementor-col-50 elementor-top-column elementor-element elementor-element-42b2e48\" data-id=\"42b2e48\" data-element_type=\"column\">\n\t\t\t<div class=\"elementor-widget-wrap elementor-element-populated\">\n\t\t\t\t\t\t<div class=\"elementor-element elementor-element-522a53c elementor-hidden-tablet elementor-hidden-mobile elementor-widget elementor-widget-image\" data-id=\"522a53c\" data-element_type=\"widget\" data-widget_type=\"image.default\">\n\t\t\t\t<div class=\"elementor-widget-container\">\n\t\t\t\t\t\t\t\t\t\t\t\t\t\t\t\t<a href=\"https:\/\/www.sundde.gob.ve\/\">\n\t\t\t\t\t\t\t<img decoding=\"async\" width=\"960\" height=\"742\" src=\"https:\/\/www.sundde.gob.ve\/wp-content\/uploads\/2024\/04\/Sundde_Imagotipo-Logo-1024x791.png\" class=\"attachment-large size-large wp-image-29706\" alt=\"\" srcset=\"https:\/\/www.sundde.gob.ve\/wp-content\/uploads\/2024\/04\/Sundde_Imagotipo-Logo-1024x791.png 1024w, https:\/\/www.sundde.gob.ve\/wp-content\/uploads\/2024\/04\/Sundde_Imagotipo-Logo-300x232.png 300w, https:\/\/www.sundde.gob.ve\/wp-content\/uploads\/2024\/04\/Sundde_Imagotipo-Logo-768x593.png 768w, https:\/\/www.sundde.gob.ve\/wp-content\/uploads\/2024\/04\/Sundde_Imagotipo-Logo-1536x1187.png 1536w, https:\/\/www.sundde.gob.ve\/wp-content\/uploads\/2024\/04\/Sundde_Imagotipo-Logo-2048x1583.png 2048w, https:\/\/www.sundde.gob.ve\/wp-content\/uploads\/2024\/04\/Sundde_Imagotipo-Logo-1140x881.png 1140w\" sizes=\"(max-width: 960px) 100vw, 960px\" \/>\t\t\t\t\t\t\t\t<\/a>\n\t\t\t\t\t\t\t\t\t\t\t\t\t\t\t<\/div>\n\t\t\t\t<\/div>\n\t\t\t\t\t<\/div>\n\t\t<\/div>\n\t\t\t\t<div class=\"elementor-column elementor-col-50 elementor-top-column elementor-element elementor-element-3f0af6a\" data-id=\"3f0af6a\" data-element_type=\"column\">\n\t\t\t<div class=\"elementor-widget-wrap elementor-element-populated\">\n\t\t\t\t\t\t<div class=\"elementor-element elementor-element-614ef83 wpr-main-menu-align-center elementor-widget__width-initial wpr-main-menu-align--tabletleft wpr-main-menu-align--mobileleft wpr-pointer-underline wpr-pointer-line-fx wpr-pointer-fx-fade wpr-sub-icon-caret-down wpr-sub-menu-fx-fade wpr-nav-menu-bp-mobile wpr-mobile-menu-full-width wpr-mobile-menu-item-align-center wpr-mobile-toggle-v1 wpr-sub-divider-yes wpr-mobile-divider-yes elementor-widget elementor-widget-wpr-nav-menu\" data-id=\"614ef83\" data-element_type=\"widget\" data-settings=\"{&quot;menu_layout&quot;:&quot;horizontal&quot;}\" data-widget_type=\"wpr-nav-menu.default\">\n\t\t\t\t<div class=\"elementor-widget-container\">\n\t\t\t\t\t<nav class=\"wpr-nav-menu-container wpr-nav-menu-horizontal\" data-trigger=\"hover\"><ul id=\"menu-1-614ef83\" class=\"wpr-nav-menu\"><li class=\"menu-item menu-item-type-custom menu-item-object-custom menu-item-28774\"><a href=\"https:\/\/www.sundde.gob.ve\/?page_id=163\" class=\"wpr-menu-item wpr-pointer-item\">Qui\u00e9nes somos<\/a><\/li>\n<li class=\"menu-item menu-item-type-post_type menu-item-object-page menu-item-29820\"><a href=\"https:\/\/www.sundde.gob.ve\/?page_id=164\" class=\"wpr-menu-item wpr-pointer-item\">Autoridades<\/a><\/li>\n<li class=\"menu-item menu-item-type-post_type menu-item-object-page menu-item-28957\"><a href=\"https:\/\/www.sundde.gob.ve\/?page_id=28886\" class=\"wpr-menu-item wpr-pointer-item\">Noticias<\/a><\/li>\n<li class=\"menu-item menu-item-type-post_type menu-item-object-page menu-item-30523\"><a href=\"https:\/\/www.sundde.gob.ve\/?page_id=30416\" class=\"wpr-menu-item wpr-pointer-item\">Multimedia<\/a><\/li>\n<li class=\"menu-item menu-item-type-post_type menu-item-object-page menu-item-40793\"><a href=\"https:\/\/www.sundde.gob.ve\/?page_id=40787\" class=\"wpr-menu-item wpr-pointer-item\">Documentos<\/a><\/li>\n<li class=\"menu-item menu-item-type-post_type menu-item-object-page menu-item-175\"><a href=\"https:\/\/www.sundde.gob.ve\/?page_id=167\" class=\"wpr-menu-item wpr-pointer-item\">SISTEMAS<\/a><\/li>\n<li class=\"menu-item menu-item-type-post_type menu-item-object-page menu-item-has-children menu-item-28421\"><a aria-haspopup=\"true\" aria-expanded=\"false\" href=\"https:\/\/www.sundde.gob.ve\/?page_id=203\" class=\"wpr-menu-item wpr-pointer-item\">Cont\u00e1ctanos<i class=\"wpr-sub-icon fas\" aria-hidden=\"true\"><\/i><\/a>\n<ul class=\"sub-menu wpr-sub-menu\">\n\t<li class=\"menu-item menu-item-type-custom menu-item-object-custom menu-item-36755\"><a target=\"_blank\" href=\"https:\/\/www.sundde.gob.ve\/wp-content\/uploads\/2026\/01\/OFICINAS-ESTADALES-DE-LA-SUNDDE-22-ene.pdf\" class=\"wpr-sub-menu-item\">Oficinas estadales<\/a><\/li>\n<\/ul>\n<\/li>\n<\/ul><\/nav><nav class=\"wpr-mobile-nav-menu-container\"><div class=\"wpr-mobile-toggle-wrap\"><div class=\"wpr-mobile-toggle\"><span class=\"wpr-mobile-toggle-line\"><\/span><span class=\"wpr-mobile-toggle-line\"><\/span><span class=\"wpr-mobile-toggle-line\"><\/span><\/div><\/div><ul id=\"mobile-menu-2-614ef83\" class=\"wpr-mobile-nav-menu\"><li class=\"menu-item menu-item-type-custom menu-item-object-custom menu-item-28774\"><a href=\"https:\/\/www.sundde.gob.ve\/?page_id=163\" class=\"wpr-mobile-menu-item\">Qui\u00e9nes somos<\/a><\/li>\n<li class=\"menu-item menu-item-type-post_type menu-item-object-page menu-item-29820\"><a href=\"https:\/\/www.sundde.gob.ve\/?page_id=164\" class=\"wpr-mobile-menu-item\">Autoridades<\/a><\/li>\n<li class=\"menu-item menu-item-type-post_type menu-item-object-page menu-item-28957\"><a href=\"https:\/\/www.sundde.gob.ve\/?page_id=28886\" class=\"wpr-mobile-menu-item\">Noticias<\/a><\/li>\n<li class=\"menu-item menu-item-type-post_type menu-item-object-page menu-item-30523\"><a href=\"https:\/\/www.sundde.gob.ve\/?page_id=30416\" class=\"wpr-mobile-menu-item\">Multimedia<\/a><\/li>\n<li class=\"menu-item menu-item-type-post_type menu-item-object-page menu-item-40793\"><a href=\"https:\/\/www.sundde.gob.ve\/?page_id=40787\" class=\"wpr-mobile-menu-item\">Documentos<\/a><\/li>\n<li class=\"menu-item menu-item-type-post_type menu-item-object-page menu-item-175\"><a href=\"https:\/\/www.sundde.gob.ve\/?page_id=167\" class=\"wpr-mobile-menu-item\">SISTEMAS<\/a><\/li>\n<li class=\"menu-item menu-item-type-post_type menu-item-object-page menu-item-has-children menu-item-28421\"><a href=\"https:\/\/www.sundde.gob.ve\/?page_id=203\" class=\"wpr-mobile-menu-item\">Cont\u00e1ctanos<\/a>\n<ul class=\"sub-menu wpr-sub-menu\">\n\t<li class=\"menu-item menu-item-type-custom menu-item-object-custom menu-item-36755\"><a target=\"_blank\" href=\"https:\/\/www.sundde.gob.ve\/wp-content\/uploads\/2026\/01\/OFICINAS-ESTADALES-DE-LA-SUNDDE-22-ene.pdf\" class=\"wpr-mobile-sub-menu-item\">Oficinas estadales<\/a><\/li>\n<\/ul>\n<\/li>\n<\/ul><\/nav>\t\t\t\t<\/div>\n\t\t\t\t<\/div>\n\t\t\t\t\t<\/div>\n\t\t<\/div>\n\t\t\t\t\t<\/div>\n\t\t<\/section>\n\t\t\t\t<\/header>\n\t\t\t\t<\/div>\n\t\t\t\t\t\t<\/div>\n\t\t\t\t<\/div>\n\t\t\t\t\t<\/div>\n\t\t<\/div>\n\t\t\t\t\t<\/div>\n\t\t<\/section>\n\t\t\t\t<section class=\"elementor-section elementor-top-section elementor-element elementor-element-e5a4dcf elementor-section-full_width elementor-section-stretched elementor-hidden-desktop elementor-hidden-tablet elementor-hidden-mobile elementor-section-height-default elementor-section-height-default wpr-particle-no wpr-jarallax-no wpr-parallax-no wpr-sticky-section-no\" data-id=\"e5a4dcf\" data-element_type=\"section\" data-settings=\"{&quot;stretch_section&quot;:&quot;section-stretched&quot;}\">\n\t\t\t\t\t\t<div class=\"elementor-container elementor-column-gap-no\">\n\t\t\t\t\t<div class=\"elementor-column elementor-col-100 elementor-top-column elementor-element elementor-element-6b5a277\" data-id=\"6b5a277\" data-element_type=\"column\">\n\t\t\t<div class=\"elementor-widget-wrap elementor-element-populated\">\n\t\t\t\t\t\t<section class=\"elementor-section elementor-inner-section elementor-element elementor-element-09a68a5 elementor-section-full_width elementor-section-height-default elementor-section-height-default wpr-particle-no wpr-jarallax-no wpr-parallax-no wpr-sticky-section-no\" data-id=\"09a68a5\" data-element_type=\"section\">\n\t\t\t\t\t\t<div class=\"elementor-container elementor-column-gap-no\">\n\t\t\t\t\t<div class=\"elementor-column elementor-col-100 elementor-inner-column elementor-element elementor-element-e2fd386\" data-id=\"e2fd386\" data-element_type=\"column\">\n\t\t\t<div class=\"elementor-widget-wrap elementor-element-populated\">\n\t\t\t\t\t\t<div class=\"elementor-element elementor-element-25a3ed9 elementor--h-position-center elementor--v-position-middle elementor-arrows-position-inside elementor-pagination-position-inside elementor-widget elementor-widget-slides\" data-id=\"25a3ed9\" data-element_type=\"widget\" data-settings=\"{&quot;transition&quot;:&quot;fade&quot;,&quot;navigation&quot;:&quot;both&quot;,&quot;autoplay&quot;:&quot;yes&quot;,&quot;pause_on_hover&quot;:&quot;yes&quot;,&quot;pause_on_interaction&quot;:&quot;yes&quot;,&quot;autoplay_speed&quot;:5000,&quot;infinite&quot;:&quot;yes&quot;,&quot;transition_speed&quot;:500}\" data-widget_type=\"slides.default\">\n\t\t\t\t<div class=\"elementor-widget-container\">\n\t\t\t\t\t\t\t\t\t<div class=\"elementor-swiper\">\n\t\t\t\t\t<div class=\"elementor-slides-wrapper elementor-main-swiper swiper\" role=\"region\" aria-roledescription=\"carousel\" aria-label=\"Slides\" dir=\"ltr\" data-animation=\"fadeInUp\">\n\t\t\t\t<div class=\"swiper-wrapper elementor-slides\">\n\t\t\t\t\t\t\t\t\t\t<div class=\"elementor-repeater-item-4bbe673 swiper-slide\" role=\"group\" aria-roledescription=\"slide\"><div class=\"swiper-slide-bg\" role=\"img\"><\/div><a class=\"swiper-slide-inner\" href=\"https:\/\/rupdae.sundde.gob.ve\/login\" target=\"_blank\"><div class=\"swiper-slide-contents\"><\/div><\/a><\/div><div class=\"elementor-repeater-item-4e57160 swiper-slide\" role=\"group\" aria-roledescription=\"slide\"><div class=\"swiper-slide-bg\" role=\"img\"><\/div><a class=\"swiper-slide-inner\" href=\"https:\/\/denuncias.sundde.gob.ve\/\" target=\"_blank\"><div class=\"swiper-slide-contents\"><\/div><\/a><\/div><div class=\"elementor-repeater-item-5db9f92 swiper-slide\" role=\"group\" aria-roledescription=\"slide\"><div class=\"swiper-slide-bg\" role=\"img\"><\/div><div class=\"swiper-slide-inner\" ><div class=\"swiper-slide-contents\"><\/div><\/div><\/div>\t\t\t\t<\/div>\n\t\t\t\t\t\t\t\t\t\t\t\t\t\t\t<div class=\"elementor-swiper-button elementor-swiper-button-prev\" role=\"button\" tabindex=\"0\" aria-label=\"Previous slide\">\n\t\t\t\t\t\t\t<i aria-hidden=\"true\" class=\"eicon-chevron-left\"><\/i>\t\t\t\t\t\t<\/div>\n\t\t\t\t\t\t<div class=\"elementor-swiper-button elementor-swiper-button-next\" role=\"button\" tabindex=\"0\" aria-label=\"Next slide\">\n\t\t\t\t\t\t\t<i aria-hidden=\"true\" class=\"eicon-chevron-right\"><\/i>\t\t\t\t\t\t<\/div>\n\t\t\t\t\t\t\t\t\t\t\t\t\t\t\t\t<div class=\"swiper-pagination\"><\/div>\n\t\t\t\t\t\t\t\t\t\t\t\t<\/div>\n\t\t\t\t<\/div>\n\t\t\t\t\t\t\t\t<\/div>\n\t\t\t\t<\/div>\n\t\t\t\t\t<\/div>\n\t\t<\/div>\n\t\t\t\t\t<\/div>\n\t\t<\/section>\n\t\t\t\t\t<\/div>\n\t\t<\/div>\n\t\t\t\t\t<\/div>\n\t\t<\/section>\n\t\t\t\t<section class=\"elementor-section elementor-top-section elementor-element elementor-element-6456ad9 elementor-section-full_width elementor-section-height-default elementor-section-height-default wpr-particle-no wpr-jarallax-no wpr-parallax-no wpr-sticky-section-no\" data-id=\"6456ad9\" data-element_type=\"section\">\n\t\t\t\t\t\t<div class=\"elementor-container elementor-column-gap-no\">\n\t\t\t\t\t<div class=\"elementor-column elementor-col-100 elementor-top-column elementor-element elementor-element-8933e39\" data-id=\"8933e39\" data-element_type=\"column\">\n\t\t\t<div class=\"elementor-widget-wrap elementor-element-populated\">\n\t\t\t\t\t\t<div class=\"elementor-element elementor-element-f58e2ca elementor-widget elementor-widget-template\" data-id=\"f58e2ca\" data-element_type=\"widget\" data-widget_type=\"template.default\">\n\t\t\t\t<div class=\"elementor-widget-container\">\n\t\t\t\t\t\t\t<div class=\"elementor-template\">\n\t\t\t\t\t<header data-elementor-type=\"header\" data-elementor-id=\"39220\" class=\"elementor elementor-39220\" data-elementor-post-type=\"elementor_library\">\n\t\t\t\t\t<section class=\"elementor-section elementor-top-section elementor-element elementor-element-580b499 elementor-section-full_width elementor-section-stretched elementor-section-height-default elementor-section-height-default wpr-particle-no wpr-jarallax-no wpr-parallax-no wpr-sticky-section-no\" data-id=\"580b499\" data-element_type=\"section\" data-settings=\"{&quot;stretch_section&quot;:&quot;section-stretched&quot;}\">\n\t\t\t\t\t\t<div class=\"elementor-container elementor-column-gap-no\">\n\t\t\t\t\t<div class=\"elementor-column elementor-col-100 elementor-top-column elementor-element elementor-element-f80139f\" data-id=\"f80139f\" data-element_type=\"column\">\n\t\t\t<div class=\"elementor-widget-wrap elementor-element-populated\">\n\t\t\t\t\t\t<section class=\"elementor-section elementor-inner-section elementor-element elementor-element-f610499 elementor-section-full_width elementor-section-height-default elementor-section-height-default wpr-particle-no wpr-jarallax-no wpr-parallax-no wpr-sticky-section-no\" data-id=\"f610499\" data-element_type=\"section\">\n\t\t\t\t\t\t<div class=\"elementor-container elementor-column-gap-no\">\n\t\t\t\t\t<div class=\"elementor-column elementor-col-100 elementor-inner-column elementor-element elementor-element-fceea96\" data-id=\"fceea96\" data-element_type=\"column\">\n\t\t\t<div class=\"elementor-widget-wrap elementor-element-populated\">\n\t\t\t\t\t\t<div class=\"elementor-element elementor-element-4eb71c3 elementor--h-position-center elementor--v-position-middle elementor-arrows-position-inside elementor-pagination-position-inside elementor-widget elementor-widget-slides\" data-id=\"4eb71c3\" data-element_type=\"widget\" data-settings=\"{&quot;transition&quot;:&quot;fade&quot;,&quot;navigation&quot;:&quot;both&quot;,&quot;autoplay&quot;:&quot;yes&quot;,&quot;pause_on_hover&quot;:&quot;yes&quot;,&quot;pause_on_interaction&quot;:&quot;yes&quot;,&quot;autoplay_speed&quot;:5000,&quot;infinite&quot;:&quot;yes&quot;,&quot;transition_speed&quot;:500}\" data-widget_type=\"slides.default\">\n\t\t\t\t<div class=\"elementor-widget-container\">\n\t\t\t\t\t\t\t\t\t<div class=\"elementor-swiper\">\n\t\t\t\t\t<div class=\"elementor-slides-wrapper elementor-main-swiper swiper\" role=\"region\" aria-roledescription=\"carousel\" aria-label=\"Slides\" dir=\"ltr\" data-animation=\"fadeInUp\">\n\t\t\t\t<div class=\"swiper-wrapper elementor-slides\">\n\t\t\t\t\t\t\t\t\t\t<div class=\"elementor-repeater-item-4bbe673 swiper-slide\" role=\"group\" aria-roledescription=\"slide\"><div class=\"swiper-slide-bg\" role=\"img\"><\/div><a class=\"swiper-slide-inner\" href=\"https:\/\/rupdae.sundde.gob.ve\/login\" target=\"_blank\"><div class=\"swiper-slide-contents\"><\/div><\/a><\/div><div class=\"elementor-repeater-item-4e57160 swiper-slide\" role=\"group\" aria-roledescription=\"slide\"><div class=\"swiper-slide-bg\" role=\"img\"><\/div><a class=\"swiper-slide-inner\" href=\"https:\/\/denuncias.sundde.gob.ve\/\" target=\"_blank\"><div class=\"swiper-slide-contents\"><\/div><\/a><\/div><div class=\"elementor-repeater-item-5db9f92 swiper-slide\" role=\"group\" aria-roledescription=\"slide\"><div class=\"swiper-slide-bg\" role=\"img\"><\/div><div class=\"swiper-slide-inner\" ><div class=\"swiper-slide-contents\"><\/div><\/div><\/div>\t\t\t\t<\/div>\n\t\t\t\t\t\t\t\t\t\t\t\t\t\t\t<div class=\"elementor-swiper-button elementor-swiper-button-prev\" role=\"button\" tabindex=\"0\" aria-label=\"Previous slide\">\n\t\t\t\t\t\t\t<i aria-hidden=\"true\" class=\"eicon-chevron-left\"><\/i>\t\t\t\t\t\t<\/div>\n\t\t\t\t\t\t<div class=\"elementor-swiper-button elementor-swiper-button-next\" role=\"button\" tabindex=\"0\" aria-label=\"Next slide\">\n\t\t\t\t\t\t\t<i aria-hidden=\"true\" class=\"eicon-chevron-right\"><\/i>\t\t\t\t\t\t<\/div>\n\t\t\t\t\t\t\t\t\t\t\t\t\t\t\t\t<div class=\"swiper-pagination\"><\/div>\n\t\t\t\t\t\t\t\t\t\t\t\t<\/div>\n\t\t\t\t<\/div>\n\t\t\t\t\t\t\t\t<\/div>\n\t\t\t\t<\/div>\n\t\t\t\t\t<\/div>\n\t\t<\/div>\n\t\t\t\t\t<\/div>\n\t\t<\/section>\n\t\t\t\t\t<\/div>\n\t\t<\/div>\n\t\t\t\t\t<\/div>\n\t\t<\/section>\n\t\t\t\t<\/header>\n\t\t\t\t<\/div>\n\t\t\t\t\t\t<\/div>\n\t\t\t\t<\/div>\n\t\t\t\t\t<\/div>\n\t\t<\/div>\n\t\t\t\t\t<\/div>\n\t\t<\/section>\n\t\t\t\t<section class=\"elementor-section elementor-top-section elementor-element elementor-element-cb9dd99 elementor-section-full_width elementor-section-stretched elementor-section-height-default elementor-section-height-default wpr-particle-no wpr-jarallax-no wpr-parallax-no wpr-sticky-section-no\" data-id=\"cb9dd99\" data-element_type=\"section\" data-settings=\"{&quot;stretch_section&quot;:&quot;section-stretched&quot;,&quot;background_background&quot;:&quot;classic&quot;}\">\n\t\t\t\t\t\t<div class=\"elementor-container elementor-column-gap-default\">\n\t\t\t\t\t<div class=\"elementor-column elementor-col-100 elementor-top-column elementor-element elementor-element-510321b\" data-id=\"510321b\" data-element_type=\"column\">\n\t\t\t<div class=\"elementor-widget-wrap elementor-element-populated\">\n\t\t\t\t\t\t<div class=\"elementor-element elementor-element-0e10ef6 elementor-widget elementor-widget-text-editor\" data-id=\"0e10ef6\" data-element_type=\"widget\" data-widget_type=\"text-editor.default\">\n\t\t\t\t<div class=\"elementor-widget-container\">\n\t\t\t\t\t\t\t\t\t<p><span style=\"font-size: 30px;\"><strong>NOTICIAS<\/strong><\/span><\/p>\t\t\t\t\t\t\t\t<\/div>\n\t\t\t\t<\/div>\n\t\t\t\t\t<\/div>\n\t\t<\/div>\n\t\t\t\t\t<\/div>\n\t\t<\/section>\n\t\t\t\t<section class=\"elementor-section elementor-top-section elementor-element elementor-element-55b7a07 elementor-hidden-desktop elementor-hidden-tablet elementor-hidden-mobile elementor-section-boxed elementor-section-height-default elementor-section-height-default wpr-particle-no wpr-jarallax-no wpr-parallax-no wpr-sticky-section-no\" data-id=\"55b7a07\" data-element_type=\"section\">\n\t\t\t\t\t\t<div class=\"elementor-container elementor-column-gap-default\">\n\t\t\t\t\t<div class=\"elementor-column elementor-col-100 elementor-top-column elementor-element elementor-element-491e0aa\" data-id=\"491e0aa\" data-element_type=\"column\">\n\t\t\t<div class=\"elementor-widget-wrap elementor-element-populated\">\n\t\t\t\t\t\t<div class=\"elementor-element elementor-element-d44cf69 elementor-grid-3 elementor-grid-tablet-2 elementor-grid-mobile-1 elementor-posts--thumbnail-top elementor-card-shadow-yes elementor-posts__hover-gradient elementor-widget elementor-widget-posts\" data-id=\"d44cf69\" data-element_type=\"widget\" data-settings=\"{&quot;pagination_type&quot;:&quot;numbers&quot;,&quot;cards_columns&quot;:&quot;3&quot;,&quot;cards_columns_tablet&quot;:&quot;2&quot;,&quot;cards_columns_mobile&quot;:&quot;1&quot;,&quot;cards_row_gap&quot;:{&quot;unit&quot;:&quot;px&quot;,&quot;size&quot;:35,&quot;sizes&quot;:[]},&quot;cards_row_gap_tablet&quot;:{&quot;unit&quot;:&quot;px&quot;,&quot;size&quot;:&quot;&quot;,&quot;sizes&quot;:[]},&quot;cards_row_gap_mobile&quot;:{&quot;unit&quot;:&quot;px&quot;,&quot;size&quot;:&quot;&quot;,&quot;sizes&quot;:[]}}\" data-widget_type=\"posts.cards\">\n\t\t\t\t<div class=\"elementor-widget-container\">\n\t\t\t\t\t\t\t<div class=\"elementor-posts-container elementor-posts elementor-posts--skin-cards elementor-grid\" role=\"list\">\n\t\t\t\t<article class=\"elementor-post elementor-grid-item post-43997 post type-post status-publish format-standard has-post-thumbnail hentry category-noticias\" role=\"listitem\">\n\t\t\t<div class=\"elementor-post__card\">\n\t\t\t\t<a class=\"elementor-post__thumbnail__link\" href=\"https:\/\/www.sundde.gob.ve\/?p=43997\" tabindex=\"-1\" target=\"_blank\"><div class=\"elementor-post__thumbnail\"><img decoding=\"async\" width=\"780\" height=\"470\" src=\"https:\/\/www.sundde.gob.ve\/wp-content\/uploads\/2026\/05\/IMG_20260430_213122_074.webp\" class=\"attachment-full size-full wp-image-43998\" alt=\"\" srcset=\"https:\/\/www.sundde.gob.ve\/wp-content\/uploads\/2026\/05\/IMG_20260430_213122_074.webp 780w, https:\/\/www.sundde.gob.ve\/wp-content\/uploads\/2026\/05\/IMG_20260430_213122_074-300x181.webp 300w, https:\/\/www.sundde.gob.ve\/wp-content\/uploads\/2026\/05\/IMG_20260430_213122_074-768x463.webp 768w\" sizes=\"(max-width: 780px) 100vw, 780px\" \/><\/div><\/a>\n\t\t\t\t<div class=\"elementor-post__text\">\n\t\t\t\t<h3 class=\"elementor-post__title\">\n\t\t\t<a href=\"https:\/\/www.sundde.gob.ve\/?p=43997\" target=&quot;_blank&quot;>\n\t\t\t\tInstalan mesa de trabajo para fortalecer el encadenamiento productivo en Trujillo\t\t\t<\/a>\n\t\t<\/h3>\n\t\t\t\t<div class=\"elementor-post__excerpt\">\n\t\t\t<p>En el estado Trujillo fue instalada una mesa de trabajo ampliada de articulaci\u00f3n productiva, el cual cont\u00f3 con la participaci\u00f3n del ministro del Poder Popular de Industrias y Comercio Nacional, Luis Antonio Villegas, el gobernador Gerardo M\u00e1rquez, el presidente de la Asociaci\u00f3n Nacional de Supermercados y Autoservicios (ANSA), Italo Atencio, el sector retail, emprendedores y organizaciones de la sociedad civil, con el objetivo de dinamizar la econom\u00eda regional y fortalecer los encadenamientos productivos. Durante la actividad, el ministro Villegas destac\u00f3 que esta mesa de trabajo busca escuchar y atender de manera inmediata los requerimientos del sector productivo, en l\u00ednea con las orientaciones y pol\u00edticas p\u00fablicas desarrolladas por la doctora Delcy Rodr\u00edguez, presidenta encargada de la Rep\u00fablica Bolivariana de Venezuela. El encuentro llevado a cabo en la ciudad de Valera, permiti\u00f3 que las autoridades y actores econ\u00f3micos coincidan en el impulso de la producci\u00f3n local, facilitar tr\u00e1mites para peque\u00f1os emprendimientos y promover la articulaci\u00f3n entre el sector p\u00fablico y privado. \u201cLlamamos a todos los sectores comerciales e industriales a sumarse con responsabilidad a este esfuerzo econ\u00f3mico. La instalaci\u00f3n de esta mesa es atender a emprendedores, productores y comerciantes. Adem\u00e1s se activa una taquilla \u00fanica, que permita agilizar tr\u00e1mites esenciales a los emprendedores; en articulaci\u00f3n con la banca p\u00fablica, llevar el procesos de bancarizaci\u00f3n para avanzar en sus proyectos productivos\u00bb, afirm\u00f3 el Titular de Industrias y Comercio Nacional. Por su parte, el presidente ANSA, Italo Atencio, se\u00f1al\u00f3 que esta din\u00e1mica abre oportunidades para los estados del pa\u00eds con potencial productivo como Trujillo, \u201cqueremos replicar estas iniciativas en todo el pa\u00eds. Venezuela tiene un camino de crecimiento en los pr\u00f3ximos meses y a\u00f1os, y Trujillo es protagonista en producci\u00f3n, distribuci\u00f3n y exportaci\u00f3n\u201d. Mientras el gobernador Gerardo M\u00e1rquez, reiter\u00f3 el compromiso del Ejecutivo regional con el fortalecimiento del aparato productivo. \u201cTrujillo es un estado diverso en producci\u00f3n de rubros no petroleros. Hemos escuchado propuestas y con estas taquillas \u00fanicas y el apoyo de la banca p\u00fablica, seguiremos consolidando procesos en respaldo a nuestros emprendedores. En Trujillo existen amplias oportunidades para expandir la oferta de alimentos procesados, encurtidos y productos con valor agregado\u201d, afirm\u00f3. La jornada incluy\u00f3 adem\u00e1s visitas a supermercados locales, reuniones con c\u00e1maras empresariales y la revisi\u00f3n de propuestas t\u00e9cnicas para la apertura de nuevos establecimientos comerciales en la regi\u00f3n. Prensa: Ministerio del Poder Popular de Industrias y Comercio Nacional<\/p>\n\t\t<\/div>\n\t\t\t\t\t<div class=\"elementor-post__read-more-wrapper\">\n\t\t\n\t\t<a class=\"elementor-post__read-more\" href=\"https:\/\/www.sundde.gob.ve\/?p=43997\" aria-label=\"Read more about Instalan mesa de trabajo para fortalecer el encadenamiento productivo en Trujillo\" tabindex=\"-1\" target=\"_blank\">\n\t\t\tLeer m\u00e1s\t\t<\/a>\n\n\t\t\t\t\t<\/div>\n\t\t\t\t<\/div>\n\t\t\t\t<div class=\"elementor-post__meta-data\">\n\t\t\t\t\t<span class=\"elementor-post-date\">\n\t\t\t1 de mayo de 2026\t\t<\/span>\n\t\t\t\t<\/div>\n\t\t\t\t\t<\/div>\n\t\t<\/article>\n\t\t\t\t<article class=\"elementor-post elementor-grid-item post-43990 post type-post status-publish format-standard has-post-thumbnail hentry category-noticias\" role=\"listitem\">\n\t\t\t<div class=\"elementor-post__card\">\n\t\t\t\t<a class=\"elementor-post__thumbnail__link\" href=\"https:\/\/www.sundde.gob.ve\/?p=43990\" tabindex=\"-1\" target=\"_blank\"><div class=\"elementor-post__thumbnail\"><img loading=\"lazy\" decoding=\"async\" width=\"780\" height=\"470\" src=\"https:\/\/www.sundde.gob.ve\/wp-content\/uploads\/2026\/04\/photo_2026-04-28_14-25-11.webp\" class=\"attachment-full size-full wp-image-43991\" alt=\"\" srcset=\"https:\/\/www.sundde.gob.ve\/wp-content\/uploads\/2026\/04\/photo_2026-04-28_14-25-11.webp 780w, https:\/\/www.sundde.gob.ve\/wp-content\/uploads\/2026\/04\/photo_2026-04-28_14-25-11-300x181.webp 300w, https:\/\/www.sundde.gob.ve\/wp-content\/uploads\/2026\/04\/photo_2026-04-28_14-25-11-768x463.webp 768w\" sizes=\"(max-width: 780px) 100vw, 780px\" \/><\/div><\/a>\n\t\t\t\t<div class=\"elementor-post__text\">\n\t\t\t\t<h3 class=\"elementor-post__title\">\n\t\t\t<a href=\"https:\/\/www.sundde.gob.ve\/?p=43990\" target=&quot;_blank&quot;>\n\t\t\t\tAvanzan acciones para fortalecer el aparato productivo industrial del pa\u00eds\t\t\t<\/a>\n\t\t<\/h3>\n\t\t\t\t<div class=\"elementor-post__excerpt\">\n\t\t\t<p>El ministro del Poder Popular de Industrias y Comercio Nacional, Luis Antonio Villegas, particip\u00f3 en la Junta Directiva Nacional de la Federaci\u00f3n de C\u00e1maras y Empresas de Venezuela (Fedeindustria), con el prop\u00f3sito de evaluar procesos, revisar propuestas y consolidar estrategias que impulsen el crecimiento del sector industrial. Durante el encuentro, el Titular de Industrias y Comercio Nacional destac\u00f3 la importancia del di\u00e1logo permanente entre el sector p\u00fablico y privado, especialmente en el marco del Consejo Nacional de Econom\u00eda, espacio donde se construyen pol\u00edticas orientadas a dinamizar la producci\u00f3n nacional y enfrentar los desaf\u00edos econ\u00f3micos actuales. \u00abEl Consejo Nacional de Econom\u00eda, es una herramienta e instancia que permite construir pol\u00edticas ajustadas a las necesidades reales del sector productivo. Estos espacios facilitan la evaluaci\u00f3n del comportamiento econ\u00f3mico del pa\u00eds y la definici\u00f3n de estrategias para enfrentar los desaf\u00edos derivados del contexto internacional que permitir\u00e1 seguir afianzando el camino de la senda del crecimiento industrial y econ\u00f3mico\u00bb mencion\u00f3 el Ministro. Los representantes de Fedeindustria se sumaron al llamado de la doctora Delcy Rodr\u00edguez, presidenta encargada de la Rep\u00fablica Bolivariana de Venezuela en la peregrinaci\u00f3n \u00abUnidos por una Venezuela Sin Sanciones y en Paz\u00bb, y reiteraron su compromiso con una Venezuela productiva, enfocada en la protecci\u00f3n de los derechos del consumidor y en la creaci\u00f3n de condiciones favorables para emprendedores y empresarios del pa\u00eds. Prensa: Ministerio del Poder Popular de Industrias y Comercio Nacional<\/p>\n\t\t<\/div>\n\t\t\t\t\t<div class=\"elementor-post__read-more-wrapper\">\n\t\t\n\t\t<a class=\"elementor-post__read-more\" href=\"https:\/\/www.sundde.gob.ve\/?p=43990\" aria-label=\"Read more about Avanzan acciones para fortalecer el aparato productivo industrial del pa\u00eds\" tabindex=\"-1\" target=\"_blank\">\n\t\t\tLeer m\u00e1s\t\t<\/a>\n\n\t\t\t\t\t<\/div>\n\t\t\t\t<\/div>\n\t\t\t\t<div class=\"elementor-post__meta-data\">\n\t\t\t\t\t<span class=\"elementor-post-date\">\n\t\t\t29 de abril de 2026\t\t<\/span>\n\t\t\t\t<\/div>\n\t\t\t\t\t<\/div>\n\t\t<\/article>\n\t\t\t\t<article class=\"elementor-post elementor-grid-item post-43994 post type-post status-publish format-standard has-post-thumbnail hentry category-noticias\" role=\"listitem\">\n\t\t\t<div class=\"elementor-post__card\">\n\t\t\t\t<a class=\"elementor-post__thumbnail__link\" href=\"https:\/\/www.sundde.gob.ve\/?p=43994\" tabindex=\"-1\" target=\"_blank\"><div class=\"elementor-post__thumbnail\"><img loading=\"lazy\" decoding=\"async\" width=\"1280\" height=\"960\" src=\"https:\/\/www.sundde.gob.ve\/wp-content\/uploads\/2026\/04\/photo_5138635904325979132_y.jpg\" class=\"attachment-full size-full wp-image-43995\" alt=\"\" srcset=\"https:\/\/www.sundde.gob.ve\/wp-content\/uploads\/2026\/04\/photo_5138635904325979132_y.jpg 1280w, https:\/\/www.sundde.gob.ve\/wp-content\/uploads\/2026\/04\/photo_5138635904325979132_y-300x225.jpg 300w, https:\/\/www.sundde.gob.ve\/wp-content\/uploads\/2026\/04\/photo_5138635904325979132_y-1024x768.jpg 1024w, https:\/\/www.sundde.gob.ve\/wp-content\/uploads\/2026\/04\/photo_5138635904325979132_y-768x576.jpg 768w, https:\/\/www.sundde.gob.ve\/wp-content\/uploads\/2026\/04\/photo_5138635904325979132_y-1140x855.jpg 1140w\" sizes=\"(max-width: 1280px) 100vw, 1280px\" \/><\/div><\/a>\n\t\t\t\t<div class=\"elementor-post__text\">\n\t\t\t\t<h3 class=\"elementor-post__title\">\n\t\t\t<a href=\"https:\/\/www.sundde.gob.ve\/?p=43994\" target=&quot;_blank&quot;>\n\t\t\t\tRefuerzan la protecci\u00f3n de los derechos socioecon\u00f3micos en Caracas\t\t\t<\/a>\n\t\t<\/h3>\n\t\t\t\t<div class=\"elementor-post__excerpt\">\n\t\t\t<p>La Superintendencia Nacional para la Defensa de los Derechos Socioecon\u00f3micos (Sundde) llev\u00f3 a cabo un encuentro formativo dirigido a su fuerza fiscalizadora en Caracas. Esta actividad, enmarcada en las pol\u00edticas de protecci\u00f3n al pueblo que lidera el Gobierno Bolivariano, tuvo como prop\u00f3sito fundamental la optimizaci\u00f3n de los procedimientos operativos de campo. Durante la jornada, se instruy\u00f3 a los servidores p\u00fablicos sobre la implementaci\u00f3n de nuevas directrices estrat\u00e9gicas dise\u00f1adas para robustecer la vigilancia y control en los establecimientos comerciales. Esta iniciativa responde a las l\u00edneas de acci\u00f3n instruidas por el presidente Nicol\u00e1s Maduro y ejecutadas por la doctora Delcy Rodr\u00edgue, presidenta encargada, asegurando que el pueblo venezolano tenga acceso a bienes y servicios de manera justa y oportuna, consolidando as\u00ed el crecimiento econ\u00f3mico con justicia social. Prensa:Sundde<\/p>\n\t\t<\/div>\n\t\t\t\t\t<div class=\"elementor-post__read-more-wrapper\">\n\t\t\n\t\t<a class=\"elementor-post__read-more\" href=\"https:\/\/www.sundde.gob.ve\/?p=43994\" aria-label=\"Read more about Refuerzan la protecci\u00f3n de los derechos socioecon\u00f3micos en Caracas\" tabindex=\"-1\" target=\"_blank\">\n\t\t\tLeer m\u00e1s\t\t<\/a>\n\n\t\t\t\t\t<\/div>\n\t\t\t\t<\/div>\n\t\t\t\t<div class=\"elementor-post__meta-data\">\n\t\t\t\t\t<span class=\"elementor-post-date\">\n\t\t\t27 de abril de 2026\t\t<\/span>\n\t\t\t\t<\/div>\n\t\t\t\t\t<\/div>\n\t\t<\/article>\n\t\t\t\t<article class=\"elementor-post elementor-grid-item post-43984 post type-post status-publish format-standard has-post-thumbnail hentry category-noticias\" role=\"listitem\">\n\t\t\t<div class=\"elementor-post__card\">\n\t\t\t\t<a class=\"elementor-post__thumbnail__link\" href=\"https:\/\/www.sundde.gob.ve\/?p=43984\" tabindex=\"-1\" target=\"_blank\"><div class=\"elementor-post__thumbnail\"><img loading=\"lazy\" decoding=\"async\" width=\"1350\" height=\"1080\" src=\"https:\/\/www.sundde.gob.ve\/wp-content\/uploads\/2026\/04\/marco-fotos-1-1.png\" class=\"attachment-full size-full wp-image-43986\" alt=\"\" srcset=\"https:\/\/www.sundde.gob.ve\/wp-content\/uploads\/2026\/04\/marco-fotos-1-1.png 1350w, https:\/\/www.sundde.gob.ve\/wp-content\/uploads\/2026\/04\/marco-fotos-1-1-300x240.png 300w, https:\/\/www.sundde.gob.ve\/wp-content\/uploads\/2026\/04\/marco-fotos-1-1-1024x819.png 1024w, https:\/\/www.sundde.gob.ve\/wp-content\/uploads\/2026\/04\/marco-fotos-1-1-768x614.png 768w, https:\/\/www.sundde.gob.ve\/wp-content\/uploads\/2026\/04\/marco-fotos-1-1-1140x912.png 1140w\" sizes=\"(max-width: 1350px) 100vw, 1350px\" \/><\/div><\/a>\n\t\t\t\t<div class=\"elementor-post__text\">\n\t\t\t\t<h3 class=\"elementor-post__title\">\n\t\t\t<a href=\"https:\/\/www.sundde.gob.ve\/?p=43984\" target=&quot;_blank&quot;>\n\t\t\t\tMesa de trabajo con empresa de productos l\u00e1cteos impulsa el desarrollo sostenible en el pa\u00eds\t\t\t<\/a>\n\t\t<\/h3>\n\t\t\t\t<div class=\"elementor-post__excerpt\">\n\t\t\t<p>Autoridades del Ministerio del Poder Popular de Industrias y Comercio Nacional, junto a representantes de una empresa de productos l\u00e1cteos, llevaron a cabo una mesa de trabajo para garantizar el desarrollo sostenido de este sector, lo que impulsa el dinamismo comercial. Estos encuentros reafirman el di\u00e1logo permanente entre el Estado y la empresa privada a fin de avanzar en el impulso del aparato productivo del pa\u00eds. Con estas acciones el Ministerio del Poder Popular de Industrias y Comercio Nacional, fortalece las pol\u00edticas p\u00fablicas ideadas por el presidente Nicol\u00e1s Maduro y que lidera la doctora Delcy Rodr\u00edguez presidenta encargada de la Rep\u00fablica Bolivariana de Venezuela, en la construcci\u00f3n de una econom\u00eda diversificada, resiliente y al servicio del pueblo venezolano. Prensa: Ministerio del Poder Popular de Industrias y Comercio Nacional.<\/p>\n\t\t<\/div>\n\t\t\t\t\t<div class=\"elementor-post__read-more-wrapper\">\n\t\t\n\t\t<a class=\"elementor-post__read-more\" href=\"https:\/\/www.sundde.gob.ve\/?p=43984\" aria-label=\"Read more about Mesa de trabajo con empresa de productos l\u00e1cteos impulsa el desarrollo sostenible en el pa\u00eds\" tabindex=\"-1\" target=\"_blank\">\n\t\t\tLeer m\u00e1s\t\t<\/a>\n\n\t\t\t\t\t<\/div>\n\t\t\t\t<\/div>\n\t\t\t\t<div class=\"elementor-post__meta-data\">\n\t\t\t\t\t<span class=\"elementor-post-date\">\n\t\t\t27 de abril de 2026\t\t<\/span>\n\t\t\t\t<\/div>\n\t\t\t\t\t<\/div>\n\t\t<\/article>\n\t\t\t\t<article class=\"elementor-post elementor-grid-item post-43978 post type-post status-publish format-standard has-post-thumbnail hentry category-noticias\" role=\"listitem\">\n\t\t\t<div class=\"elementor-post__card\">\n\t\t\t\t<a class=\"elementor-post__thumbnail__link\" href=\"https:\/\/www.sundde.gob.ve\/?p=43978\" tabindex=\"-1\" target=\"_blank\"><div class=\"elementor-post__thumbnail\"><img loading=\"lazy\" decoding=\"async\" width=\"1350\" height=\"1080\" src=\"https:\/\/www.sundde.gob.ve\/wp-content\/uploads\/2026\/04\/marco-fotos-2.png\" class=\"attachment-full size-full wp-image-43980\" alt=\"\" srcset=\"https:\/\/www.sundde.gob.ve\/wp-content\/uploads\/2026\/04\/marco-fotos-2.png 1350w, https:\/\/www.sundde.gob.ve\/wp-content\/uploads\/2026\/04\/marco-fotos-2-300x240.png 300w, https:\/\/www.sundde.gob.ve\/wp-content\/uploads\/2026\/04\/marco-fotos-2-1024x819.png 1024w, https:\/\/www.sundde.gob.ve\/wp-content\/uploads\/2026\/04\/marco-fotos-2-768x614.png 768w, https:\/\/www.sundde.gob.ve\/wp-content\/uploads\/2026\/04\/marco-fotos-2-1140x912.png 1140w\" sizes=\"(max-width: 1350px) 100vw, 1350px\" \/><\/div><\/a>\n\t\t\t\t<div class=\"elementor-post__text\">\n\t\t\t\t<h3 class=\"elementor-post__title\">\n\t\t\t<a href=\"https:\/\/www.sundde.gob.ve\/?p=43978\" target=&quot;_blank&quot;>\n\t\t\t\tConsejo Nacional de Econom\u00eda recorrer\u00e1 las regiones del pa\u00eds\t\t\t<\/a>\n\t\t<\/h3>\n\t\t\t\t<div class=\"elementor-post__excerpt\">\n\t\t\t<p>El Consejo Nacional de Econom\u00eda se instal\u00f3 en el estado Yaracuy luego de que la doctora Delcy Rodr\u00edguez, presidenta encargada de la Rep\u00fablica Bolivariana de Venezuela, instruyera que dicho organismo recorra cada una de las regiones del pa\u00eds. El anuncio fue dado a conocer por la Presidenta Encargada, durante un encuentro con diversos sectores productivos y sociales en el marco de la Peregrinaci\u00f3n por la Paz en el estado. \u201cQue el Consejo Nacional de Econom\u00eda se vaya a las regiones, fue una instrucci\u00f3n; de hecho, vamos a instalarlo ya mismo en Yaracuy\u201d, manifest\u00f3 Rodr\u00edguez. Asimismo, anunci\u00f3 un plan para revitalizar la econom\u00eda del estado Yaracuy, por ello destac\u00f3 la importancia estrat\u00e9gica de los sectores agr\u00edcola y ganadero como potencial del estado para el desarrollo productivo del pa\u00eds. \u00abHay que recuperar el nivel de participaci\u00f3n que tuvo Yaracuy en el Producto Interno Bruto en una \u00e9poca\u00bb, finaliz\u00f3. Prensa: Ministerio del Poder Popular de Industrias y Comercio Nacional.<\/p>\n\t\t<\/div>\n\t\t\t\t\t<div class=\"elementor-post__read-more-wrapper\">\n\t\t\n\t\t<a class=\"elementor-post__read-more\" href=\"https:\/\/www.sundde.gob.ve\/?p=43978\" aria-label=\"Read more about Consejo Nacional de Econom\u00eda recorrer\u00e1 las regiones del pa\u00eds\" tabindex=\"-1\" target=\"_blank\">\n\t\t\tLeer m\u00e1s\t\t<\/a>\n\n\t\t\t\t\t<\/div>\n\t\t\t\t<\/div>\n\t\t\t\t<div class=\"elementor-post__meta-data\">\n\t\t\t\t\t<span class=\"elementor-post-date\">\n\t\t\t27 de abril de 2026\t\t<\/span>\n\t\t\t\t<\/div>\n\t\t\t\t\t<\/div>\n\t\t<\/article>\n\t\t\t\t<article class=\"elementor-post elementor-grid-item post-43968 post type-post status-publish format-standard has-post-thumbnail hentry category-galeria\" role=\"listitem\">\n\t\t\t<div class=\"elementor-post__card\">\n\t\t\t\t<a class=\"elementor-post__thumbnail__link\" href=\"https:\/\/www.sundde.gob.ve\/?p=43968\" tabindex=\"-1\" target=\"_blank\"><div class=\"elementor-post__thumbnail\"><img loading=\"lazy\" decoding=\"async\" width=\"1920\" height=\"2560\" src=\"https:\/\/www.sundde.gob.ve\/wp-content\/uploads\/2026\/04\/IMG_20260424_174907_561-1.jpg\" class=\"attachment-full size-full wp-image-43971\" alt=\"\" srcset=\"https:\/\/www.sundde.gob.ve\/wp-content\/uploads\/2026\/04\/IMG_20260424_174907_561-1.jpg 1920w, https:\/\/www.sundde.gob.ve\/wp-content\/uploads\/2026\/04\/IMG_20260424_174907_561-1-225x300.jpg 225w, https:\/\/www.sundde.gob.ve\/wp-content\/uploads\/2026\/04\/IMG_20260424_174907_561-1-768x1024.jpg 768w, https:\/\/www.sundde.gob.ve\/wp-content\/uploads\/2026\/04\/IMG_20260424_174907_561-1-1152x1536.jpg 1152w, https:\/\/www.sundde.gob.ve\/wp-content\/uploads\/2026\/04\/IMG_20260424_174907_561-1-1536x2048.jpg 1536w, https:\/\/www.sundde.gob.ve\/wp-content\/uploads\/2026\/04\/IMG_20260424_174907_561-1-1140x1520.jpg 1140w\" sizes=\"(max-width: 1920px) 100vw, 1920px\" \/><\/div><\/a>\n\t\t\t\t<div class=\"elementor-post__text\">\n\t\t\t\t<h3 class=\"elementor-post__title\">\n\t\t\t<a href=\"https:\/\/www.sundde.gob.ve\/?p=43968\" target=&quot;_blank&quot;>\n\t\t\t\tTaller \u00abEn la Actuaci\u00f3n Fiscal, Hablemos Sundde\u00bb consolida poder adquisitivo de las familias venezolanas\t\t\t<\/a>\n\t\t<\/h3>\n\t\t\t\t<div class=\"elementor-post__excerpt\">\n\t\t\t\t\t<\/div>\n\t\t\t\t\t<div class=\"elementor-post__read-more-wrapper\">\n\t\t\n\t\t<a class=\"elementor-post__read-more\" href=\"https:\/\/www.sundde.gob.ve\/?p=43968\" aria-label=\"Read more about Taller \u00abEn la Actuaci\u00f3n Fiscal, Hablemos Sundde\u00bb consolida poder adquisitivo de las familias venezolanas\" tabindex=\"-1\" target=\"_blank\">\n\t\t\tLeer m\u00e1s\t\t<\/a>\n\n\t\t\t\t\t<\/div>\n\t\t\t\t<\/div>\n\t\t\t\t<div class=\"elementor-post__meta-data\">\n\t\t\t\t\t<span class=\"elementor-post-date\">\n\t\t\t25 de abril de 2026\t\t<\/span>\n\t\t\t\t<\/div>\n\t\t\t\t\t<\/div>\n\t\t<\/article>\n\t\t\t\t<\/div>\n\t\t\n\t\t\t\t<div class=\"e-load-more-anchor\" data-page=\"1\" data-max-page=\"226\" data-next-page=\"https:\/\/www.sundde.gob.ve\/index.php?rest_route=%2Fwp%2Fv2%2Fpages%2F28886&#038;paged=2\"><\/div>\n\t\t\t\t<nav class=\"elementor-pagination\" aria-label=\"Pagination\">\n\t\t\t<span aria-current=\"page\" class=\"page-numbers current\"><span class=\"elementor-screen-only\">Page<\/span>1<\/span>\n<a class=\"page-numbers\" href=\"https:\/\/www.sundde.gob.ve\/index.php\/?paged=2\"><span class=\"elementor-screen-only\">Page<\/span>2<\/a>\n<a class=\"page-numbers\" href=\"https:\/\/www.sundde.gob.ve\/index.php\/?paged=3\"><span class=\"elementor-screen-only\">Page<\/span>3<\/a>\n<a class=\"page-numbers\" href=\"https:\/\/www.sundde.gob.ve\/index.php\/?paged=4\"><span class=\"elementor-screen-only\">Page<\/span>4<\/a>\n<a class=\"page-numbers\" href=\"https:\/\/www.sundde.gob.ve\/index.php\/?paged=5\"><span class=\"elementor-screen-only\">Page<\/span>5<\/a>\t\t<\/nav>\n\t\t\t\t\t\t<\/div>\n\t\t\t\t<\/div>\n\t\t\t\t\t<\/div>\n\t\t<\/div>\n\t\t\t\t\t<\/div>\n\t\t<\/section>\n\t\t\t\t<section class=\"elementor-section elementor-top-section elementor-element elementor-element-a04085b elementor-section-boxed elementor-section-height-default elementor-section-height-default wpr-particle-no wpr-jarallax-no wpr-parallax-no wpr-sticky-section-no\" data-id=\"a04085b\" data-element_type=\"section\">\n\t\t\t\t\t\t<div class=\"elementor-container elementor-column-gap-default\">\n\t\t\t\t\t<div class=\"elementor-column elementor-col-100 elementor-top-column elementor-element elementor-element-602ac6d\" data-id=\"602ac6d\" data-element_type=\"column\">\n\t\t\t<div class=\"elementor-widget-wrap elementor-element-populated\">\n\t\t\t\t\t\t<div class=\"elementor-element elementor-element-604682d noticias anwp-pg-widget-header-style--b anwp-pg-post-teaser__post-icon--size-16 elementor-widget elementor-widget-anwp-pg-classic-grid\" data-id=\"604682d\" data-element_type=\"widget\" data-widget_type=\"anwp-pg-classic-grid.default\">\n\t\t\t\t<div class=\"elementor-widget-container\">\n\t\t\t\t\t<div class=\"anwp-pg-wrap\">\n\n\t\n\t<div class=\"d-flex anwp-row flex-wrap anwp-pg-classic-grid anwp-pg-posts-wrapper\">\n\t\t<div class=\"anwp-pg-post-teaser anwp-pg-post-teaser--inner-cover-link anwp-pg-post-teaser--layout-d d-flex flex-column anwp-col-lg-4 anwp-col-sm-6 anwp-col-12 anwp-pg-post-teaser--with-read-more \">\n\t<div class=\"anwp-pg-post-teaser__thumbnail position-relative\">\n\n\t\t\n\t\t\n\t\t\t\t\t<img loading=\"lazy\" class=\"anwp-pg-post-teaser__thumbnail-img d-block anwp-pg-height-180 anwp-object-cover m-0 w-100\"\n\t\t\t\talt=\"Instalan mesa de trabajo para fortalecer el encadenamiento productivo en Trujillo\"\n\t\t\t\tsrc=\"https:\/\/www.sundde.gob.ve\/wp-content\/uploads\/2026\/05\/IMG_20260430_213122_074.webp\"\/>\n\t\t\n\t\t<div class=\"anwp-pg-post-teaser__thumbnail-bg anwp-position-cover\"><\/div>\n\n\t\t<a class=\"anwp-position-cover anwp-link-without-effects\" href=\"https:\/\/www.sundde.gob.ve\/?p=43997\" aria-hidden=\"true\" ><\/a>\n\t<\/div>\n\n\t<div class=\"anwp-pg-post-teaser__content flex-grow-1 pt-1 d-flex flex-column\">\n\n\t\t<div class=\"anwp-pg-post-teaser__title anwp-font-heading mt-2\">\n\t\t\t<a class=\"anwp-link-without-effects\" href=\"https:\/\/www.sundde.gob.ve\/?p=43997\" aria-hidden=\"true\" >\n\t\t\t\tInstalan mesa de trabajo para fortalecer el encadenamiento productivo en Trujillo\t\t\t<\/a>\n\t\t<\/div>\n\n\t\t<div class=\"anwp-pg-post-teaser__bottom-meta d-flex flex-wrap\">\n\n\t\t\t\t\t\t\t<div class=\"anwp-pg-post-teaser__bottom-meta-item d-flex align-items-center mr-3\">\n\t\t\t\t\t<svg class=\"anwp-pg-icon anwp-pg-icon--s16 mr-1\">\n\t\t\t\t\t\t<use xlink:href=\"#icon-anwp-pg-calendar\"><\/use>\n\t\t\t\t\t<\/svg>\n\t\t\t\t\t<span class=\"posted-on m-0\"><span class=\"screen-reader-text\">Posted on<\/span><time class=\"anwp-pg-published anwp-pg-updated\" datetime=\"2026-05-01T18:51:05+00:00\">1 de mayo de 2026<\/time><\/span>\n\t\t\t\t<\/div>\n\t\t\t\t\n\t\t\t\t\t<\/div>\n\n\t\t\t\t\t<div class=\"anwp-pg-post-teaser__excerpt mb-2\">\n\t\t\t\t<p>En el estado Trujillo fue instalada una mesa de trabajo ampliada de articulaci\u00f3n productiva, el cual cont\u00f3 con la participaci\u00f3n del ministro del Poder Popular de Industrias y Comercio Nacional, ...<\/p>\t\t\t<\/div>\n\t\t\n\t\t\t\t\t<div class=\"w-100 anwp-pg-read-more mt-auto\">\n\t\t\t\t<a href=\"https:\/\/www.sundde.gob.ve\/?p=43997\" \t\t\t\t\tclass=\"anwp-pg-read-more__btn mt-3 mb-0 btn btn-sm btn-outline-info w-100 text-decoration-none\">\n\t\t\t\t\tLeer m\u00e1s\t\t\t\t<\/a>\n\t\t\t<\/div>\n\t\t\n\t<\/div>\n\n<\/div>\n<div class=\"anwp-pg-post-teaser anwp-pg-post-teaser--inner-cover-link anwp-pg-post-teaser--layout-d d-flex flex-column anwp-col-lg-4 anwp-col-sm-6 anwp-col-12 anwp-pg-post-teaser--with-read-more \">\n\t<div class=\"anwp-pg-post-teaser__thumbnail position-relative\">\n\n\t\t\n\t\t\n\t\t\t\t\t<img loading=\"lazy\" class=\"anwp-pg-post-teaser__thumbnail-img d-block anwp-pg-height-180 anwp-object-cover m-0 w-100\"\n\t\t\t\talt=\"Avanzan acciones para fortalecer el aparato productivo industrial del pa\u00eds\"\n\t\t\t\tsrc=\"https:\/\/www.sundde.gob.ve\/wp-content\/uploads\/2026\/04\/photo_2026-04-28_14-25-11.webp\"\/>\n\t\t\n\t\t<div class=\"anwp-pg-post-teaser__thumbnail-bg anwp-position-cover\"><\/div>\n\n\t\t<a class=\"anwp-position-cover anwp-link-without-effects\" href=\"https:\/\/www.sundde.gob.ve\/?p=43990\" aria-hidden=\"true\" ><\/a>\n\t<\/div>\n\n\t<div class=\"anwp-pg-post-teaser__content flex-grow-1 pt-1 d-flex flex-column\">\n\n\t\t<div class=\"anwp-pg-post-teaser__title anwp-font-heading mt-2\">\n\t\t\t<a class=\"anwp-link-without-effects\" href=\"https:\/\/www.sundde.gob.ve\/?p=43990\" aria-hidden=\"true\" >\n\t\t\t\tAvanzan acciones para fortalecer el aparato productivo industrial del pa\u00eds\t\t\t<\/a>\n\t\t<\/div>\n\n\t\t<div class=\"anwp-pg-post-teaser__bottom-meta d-flex flex-wrap\">\n\n\t\t\t\t\t\t\t<div class=\"anwp-pg-post-teaser__bottom-meta-item d-flex align-items-center mr-3\">\n\t\t\t\t\t<svg class=\"anwp-pg-icon anwp-pg-icon--s16 mr-1\">\n\t\t\t\t\t\t<use xlink:href=\"#icon-anwp-pg-calendar\"><\/use>\n\t\t\t\t\t<\/svg>\n\t\t\t\t\t<span class=\"posted-on m-0\"><span class=\"screen-reader-text\">Posted on<\/span><time class=\"anwp-pg-published anwp-pg-updated\" datetime=\"2026-04-29T14:17:08+00:00\">29 de abril de 2026<\/time><\/span>\n\t\t\t\t<\/div>\n\t\t\t\t\n\t\t\t\t\t<\/div>\n\n\t\t\t\t\t<div class=\"anwp-pg-post-teaser__excerpt mb-2\">\n\t\t\t\t<p>El ministro del Poder Popular de Industrias y Comercio Nacional, Luis Antonio Villegas, particip\u00f3 en la Junta Directiva Nacional de la Federaci\u00f3n de C\u00e1maras y Empresas de Venezuela (Fedeindustria), con ...<\/p>\t\t\t<\/div>\n\t\t\n\t\t\t\t\t<div class=\"w-100 anwp-pg-read-more mt-auto\">\n\t\t\t\t<a href=\"https:\/\/www.sundde.gob.ve\/?p=43990\" \t\t\t\t\tclass=\"anwp-pg-read-more__btn mt-3 mb-0 btn btn-sm btn-outline-info w-100 text-decoration-none\">\n\t\t\t\t\tLeer m\u00e1s\t\t\t\t<\/a>\n\t\t\t<\/div>\n\t\t\n\t<\/div>\n\n<\/div>\n<div class=\"anwp-pg-post-teaser anwp-pg-post-teaser--inner-cover-link anwp-pg-post-teaser--layout-d d-flex flex-column anwp-col-lg-4 anwp-col-sm-6 anwp-col-12 anwp-pg-post-teaser--with-read-more \">\n\t<div class=\"anwp-pg-post-teaser__thumbnail position-relative\">\n\n\t\t\n\t\t\n\t\t\t\t\t<img loading=\"lazy\" class=\"anwp-pg-post-teaser__thumbnail-img d-block anwp-pg-height-180 anwp-object-cover m-0 w-100\"\n\t\t\t\talt=\"Refuerzan la protecci\u00f3n de los derechos socioecon\u00f3micos en Caracas\"\n\t\t\t\tsrc=\"https:\/\/www.sundde.gob.ve\/wp-content\/uploads\/2026\/04\/photo_5138635904325979132_y.jpg\"\/>\n\t\t\n\t\t<div class=\"anwp-pg-post-teaser__thumbnail-bg anwp-position-cover\"><\/div>\n\n\t\t<a class=\"anwp-position-cover anwp-link-without-effects\" href=\"https:\/\/www.sundde.gob.ve\/?p=43994\" aria-hidden=\"true\" ><\/a>\n\t<\/div>\n\n\t<div class=\"anwp-pg-post-teaser__content flex-grow-1 pt-1 d-flex flex-column\">\n\n\t\t<div class=\"anwp-pg-post-teaser__title anwp-font-heading mt-2\">\n\t\t\t<a class=\"anwp-link-without-effects\" href=\"https:\/\/www.sundde.gob.ve\/?p=43994\" aria-hidden=\"true\" >\n\t\t\t\tRefuerzan la protecci\u00f3n de los derechos socioecon\u00f3micos en Caracas\t\t\t<\/a>\n\t\t<\/div>\n\n\t\t<div class=\"anwp-pg-post-teaser__bottom-meta d-flex flex-wrap\">\n\n\t\t\t\t\t\t\t<div class=\"anwp-pg-post-teaser__bottom-meta-item d-flex align-items-center mr-3\">\n\t\t\t\t\t<svg class=\"anwp-pg-icon anwp-pg-icon--s16 mr-1\">\n\t\t\t\t\t\t<use xlink:href=\"#icon-anwp-pg-calendar\"><\/use>\n\t\t\t\t\t<\/svg>\n\t\t\t\t\t<span class=\"posted-on m-0\"><span class=\"screen-reader-text\">Posted on<\/span><time class=\"anwp-pg-published anwp-pg-updated\" datetime=\"2026-04-27T14:29:18+00:00\">27 de abril de 2026<\/time><\/span>\n\t\t\t\t<\/div>\n\t\t\t\t\n\t\t\t\t\t<\/div>\n\n\t\t\t\t\t<div class=\"anwp-pg-post-teaser__excerpt mb-2\">\n\t\t\t\t<p>La Superintendencia Nacional para la Defensa de los Derechos Socioecon\u00f3micos (Sundde) llev\u00f3 a cabo un encuentro formativo dirigido a su fuerza fiscalizadora en Caracas. Esta actividad, enmarcada en las pol\u00edticas ...<\/p>\t\t\t<\/div>\n\t\t\n\t\t\t\t\t<div class=\"w-100 anwp-pg-read-more mt-auto\">\n\t\t\t\t<a href=\"https:\/\/www.sundde.gob.ve\/?p=43994\" \t\t\t\t\tclass=\"anwp-pg-read-more__btn mt-3 mb-0 btn btn-sm btn-outline-info w-100 text-decoration-none\">\n\t\t\t\t\tLeer m\u00e1s\t\t\t\t<\/a>\n\t\t\t<\/div>\n\t\t\n\t<\/div>\n\n<\/div>\n<div class=\"anwp-pg-post-teaser anwp-pg-post-teaser--inner-cover-link anwp-pg-post-teaser--layout-d d-flex flex-column anwp-col-lg-4 anwp-col-sm-6 anwp-col-12 anwp-pg-post-teaser--with-read-more \">\n\t<div class=\"anwp-pg-post-teaser__thumbnail position-relative\">\n\n\t\t\n\t\t\n\t\t\t\t\t<img loading=\"lazy\" class=\"anwp-pg-post-teaser__thumbnail-img d-block anwp-pg-height-180 anwp-object-cover m-0 w-100\"\n\t\t\t\talt=\"Mesa de trabajo con empresa de productos l\u00e1cteos impulsa el desarrollo sostenible en el pa\u00eds\"\n\t\t\t\tsrc=\"https:\/\/www.sundde.gob.ve\/wp-content\/uploads\/2026\/04\/marco-fotos-1-1.png\"\/>\n\t\t\n\t\t<div class=\"anwp-pg-post-teaser__thumbnail-bg anwp-position-cover\"><\/div>\n\n\t\t<a class=\"anwp-position-cover anwp-link-without-effects\" href=\"https:\/\/www.sundde.gob.ve\/?p=43984\" aria-hidden=\"true\" ><\/a>\n\t<\/div>\n\n\t<div class=\"anwp-pg-post-teaser__content flex-grow-1 pt-1 d-flex flex-column\">\n\n\t\t<div class=\"anwp-pg-post-teaser__title anwp-font-heading mt-2\">\n\t\t\t<a class=\"anwp-link-without-effects\" href=\"https:\/\/www.sundde.gob.ve\/?p=43984\" aria-hidden=\"true\" >\n\t\t\t\tMesa de trabajo con empresa de productos l\u00e1cteos impulsa el desarrollo sostenible en el pa\u00eds\t\t\t<\/a>\n\t\t<\/div>\n\n\t\t<div class=\"anwp-pg-post-teaser__bottom-meta d-flex flex-wrap\">\n\n\t\t\t\t\t\t\t<div class=\"anwp-pg-post-teaser__bottom-meta-item d-flex align-items-center mr-3\">\n\t\t\t\t\t<svg class=\"anwp-pg-icon anwp-pg-icon--s16 mr-1\">\n\t\t\t\t\t\t<use xlink:href=\"#icon-anwp-pg-calendar\"><\/use>\n\t\t\t\t\t<\/svg>\n\t\t\t\t\t<span class=\"posted-on m-0\"><span class=\"screen-reader-text\">Posted on<\/span><time class=\"anwp-pg-published anwp-pg-updated\" datetime=\"2026-04-27T12:11:12+00:00\">27 de abril de 2026<\/time><\/span>\n\t\t\t\t<\/div>\n\t\t\t\t\n\t\t\t\t\t<\/div>\n\n\t\t\t\t\t<div class=\"anwp-pg-post-teaser__excerpt mb-2\">\n\t\t\t\t<p>Autoridades del Ministerio del Poder Popular de Industrias y Comercio Nacional, junto a representantes de una empresa de productos l\u00e1cteos, llevaron a cabo una mesa de trabajo para garantizar el ...<\/p>\t\t\t<\/div>\n\t\t\n\t\t\t\t\t<div class=\"w-100 anwp-pg-read-more mt-auto\">\n\t\t\t\t<a href=\"https:\/\/www.sundde.gob.ve\/?p=43984\" \t\t\t\t\tclass=\"anwp-pg-read-more__btn mt-3 mb-0 btn btn-sm btn-outline-info w-100 text-decoration-none\">\n\t\t\t\t\tLeer m\u00e1s\t\t\t\t<\/a>\n\t\t\t<\/div>\n\t\t\n\t<\/div>\n\n<\/div>\n<div class=\"anwp-pg-post-teaser anwp-pg-post-teaser--inner-cover-link anwp-pg-post-teaser--layout-d d-flex flex-column anwp-col-lg-4 anwp-col-sm-6 anwp-col-12 anwp-pg-post-teaser--with-read-more \">\n\t<div class=\"anwp-pg-post-teaser__thumbnail position-relative\">\n\n\t\t\n\t\t\n\t\t\t\t\t<img loading=\"lazy\" class=\"anwp-pg-post-teaser__thumbnail-img d-block anwp-pg-height-180 anwp-object-cover m-0 w-100\"\n\t\t\t\talt=\"Consejo Nacional de Econom\u00eda recorrer\u00e1 las regiones del pa\u00eds\"\n\t\t\t\tsrc=\"https:\/\/www.sundde.gob.ve\/wp-content\/uploads\/2026\/04\/marco-fotos-2.png\"\/>\n\t\t\n\t\t<div class=\"anwp-pg-post-teaser__thumbnail-bg anwp-position-cover\"><\/div>\n\n\t\t<a class=\"anwp-position-cover anwp-link-without-effects\" href=\"https:\/\/www.sundde.gob.ve\/?p=43978\" aria-hidden=\"true\" ><\/a>\n\t<\/div>\n\n\t<div class=\"anwp-pg-post-teaser__content flex-grow-1 pt-1 d-flex flex-column\">\n\n\t\t<div class=\"anwp-pg-post-teaser__title anwp-font-heading mt-2\">\n\t\t\t<a class=\"anwp-link-without-effects\" href=\"https:\/\/www.sundde.gob.ve\/?p=43978\" aria-hidden=\"true\" >\n\t\t\t\tConsejo Nacional de Econom\u00eda recorrer\u00e1 las regiones del pa\u00eds\t\t\t<\/a>\n\t\t<\/div>\n\n\t\t<div class=\"anwp-pg-post-teaser__bottom-meta d-flex flex-wrap\">\n\n\t\t\t\t\t\t\t<div class=\"anwp-pg-post-teaser__bottom-meta-item d-flex align-items-center mr-3\">\n\t\t\t\t\t<svg class=\"anwp-pg-icon anwp-pg-icon--s16 mr-1\">\n\t\t\t\t\t\t<use xlink:href=\"#icon-anwp-pg-calendar\"><\/use>\n\t\t\t\t\t<\/svg>\n\t\t\t\t\t<span class=\"posted-on m-0\"><span class=\"screen-reader-text\">Posted on<\/span><time class=\"anwp-pg-published anwp-pg-updated\" datetime=\"2026-04-27T12:06:46+00:00\">27 de abril de 2026<\/time><\/span>\n\t\t\t\t<\/div>\n\t\t\t\t\n\t\t\t\t\t<\/div>\n\n\t\t\t\t\t<div class=\"anwp-pg-post-teaser__excerpt mb-2\">\n\t\t\t\t<p>El Consejo Nacional de Econom\u00eda se instal\u00f3 en el estado Yaracuy luego de que la doctora Delcy Rodr\u00edguez, presidenta encargada de la Rep\u00fablica Bolivariana de Venezuela, instruyera que dicho organismo ...<\/p>\t\t\t<\/div>\n\t\t\n\t\t\t\t\t<div class=\"w-100 anwp-pg-read-more mt-auto\">\n\t\t\t\t<a href=\"https:\/\/www.sundde.gob.ve\/?p=43978\" \t\t\t\t\tclass=\"anwp-pg-read-more__btn mt-3 mb-0 btn btn-sm btn-outline-info w-100 text-decoration-none\">\n\t\t\t\t\tLeer m\u00e1s\t\t\t\t<\/a>\n\t\t\t<\/div>\n\t\t\n\t<\/div>\n\n<\/div>\n<div class=\"anwp-pg-post-teaser anwp-pg-post-teaser--inner-cover-link anwp-pg-post-teaser--layout-d d-flex flex-column anwp-col-lg-4 anwp-col-sm-6 anwp-col-12 anwp-pg-post-teaser--with-read-more \">\n\t<div class=\"anwp-pg-post-teaser__thumbnail position-relative\">\n\n\t\t\n\t\t\n\t\t\t\t\t<img loading=\"lazy\" class=\"anwp-pg-post-teaser__thumbnail-img d-block anwp-pg-height-180 anwp-object-cover m-0 w-100\"\n\t\t\t\talt=\"Taller \u00abEn la Actuaci\u00f3n Fiscal, Hablemos Sundde\u00bb consolida poder adquisitivo de las familias venezolanas\"\n\t\t\t\tsrc=\"https:\/\/www.sundde.gob.ve\/wp-content\/uploads\/2026\/04\/marco-fotos.png\"\/>\n\t\t\n\t\t<div class=\"anwp-pg-post-teaser__thumbnail-bg anwp-position-cover\"><\/div>\n\n\t\t<a class=\"anwp-position-cover anwp-link-without-effects\" href=\"https:\/\/www.sundde.gob.ve\/?p=43958\" aria-hidden=\"true\" ><\/a>\n\t<\/div>\n\n\t<div class=\"anwp-pg-post-teaser__content flex-grow-1 pt-1 d-flex flex-column\">\n\n\t\t<div class=\"anwp-pg-post-teaser__title anwp-font-heading mt-2\">\n\t\t\t<a class=\"anwp-link-without-effects\" href=\"https:\/\/www.sundde.gob.ve\/?p=43958\" aria-hidden=\"true\" >\n\t\t\t\tTaller \u00abEn la Actuaci\u00f3n Fiscal, Hablemos Sundde\u00bb consolida poder adquisitivo de las familias venezolanas\t\t\t<\/a>\n\t\t<\/div>\n\n\t\t<div class=\"anwp-pg-post-teaser__bottom-meta d-flex flex-wrap\">\n\n\t\t\t\t\t\t\t<div class=\"anwp-pg-post-teaser__bottom-meta-item d-flex align-items-center mr-3\">\n\t\t\t\t\t<svg class=\"anwp-pg-icon anwp-pg-icon--s16 mr-1\">\n\t\t\t\t\t\t<use xlink:href=\"#icon-anwp-pg-calendar\"><\/use>\n\t\t\t\t\t<\/svg>\n\t\t\t\t\t<span class=\"posted-on m-0\"><span class=\"screen-reader-text\">Posted on<\/span><time class=\"anwp-pg-published anwp-pg-updated\" datetime=\"2026-04-25T21:29:40+00:00\">25 de abril de 2026<\/time><\/span>\n\t\t\t\t<\/div>\n\t\t\t\t\n\t\t\t\t\t<\/div>\n\n\t\t\t\t\t<div class=\"anwp-pg-post-teaser__excerpt mb-2\">\n\t\t\t\t<p>La Superintendencia Nacional para la Defensa de los Derechos Socioecon\u00f3micos (Sundde), ente adscrito al Ministerio del Poder Popular de Industrias y Comercio Nacional, finaliz\u00f3 la segunda jornada de talleres \u00abEn ...<\/p>\t\t\t<\/div>\n\t\t\n\t\t\t\t\t<div class=\"w-100 anwp-pg-read-more mt-auto\">\n\t\t\t\t<a href=\"https:\/\/www.sundde.gob.ve\/?p=43958\" \t\t\t\t\tclass=\"anwp-pg-read-more__btn mt-3 mb-0 btn btn-sm btn-outline-info w-100 text-decoration-none\">\n\t\t\t\t\tLeer m\u00e1s\t\t\t\t<\/a>\n\t\t\t<\/div>\n\t\t\n\t<\/div>\n\n<\/div>\n\t<\/div>\n\t\n\t<nav aria-label=\"anwp-pg-pagination-navigation\" class=\"anwp-pg-pagination-navigation position-relative\">\n\t<ul class=\"anwp-pg-pagination mx-0 justify-content-center flex-wrap\"\n\t\tdata-anwp-show_previous=\"yes\"\n\t\tdata-anwp-show_next=\"yes\"\n\t\tdata-anwp-show_first_ellipsis=\"yes\"\n\t\tdata-anwp-show_last_ellipsis=\"yes\"\n\t\tdata-anwp-auto_hide_previous=\"no\"\n\t\tdata-anwp-auto_hide_next=\"no\"\n\t\tdata-anwp-show_page_numbers=\"yes\"\n\t\tdata-anwp-page_range=\"2\"\n\t\tdata-anwp-text_previous=\"\"\n\t\tdata-anwp-text_next=\"\"\n\t\tdata-anwp-total=\"155\"\n\t\tdata-anwp-limit=\"6\"\n\t\tdata-anwp-pagination=\"{&quot;posts_to_show&quot;:&quot;latest&quot;,&quot;include_ids&quot;:&quot;&quot;,&quot;exclude_ids&quot;:&quot;&quot;,&quot;exclude_by_category&quot;:&quot;&quot;,&quot;filter_by_category&quot;:&quot;4&quot;,&quot;filter_by_tag&quot;:&quot;&quot;,&quot;filter_by_post_format&quot;:&quot;all&quot;,&quot;filter_by_author&quot;:&quot;&quot;,&quot;published_in_last_days&quot;:0,&quot;limit&quot;:6,&quot;offset&quot;:0,&quot;grid_cols&quot;:3,&quot;grid_cols_tablet&quot;:2,&quot;grid_cols_mobile&quot;:1,&quot;grid_thumbnail_size&quot;:&quot;full&quot;,&quot;show_category&quot;:&quot;&quot;,&quot;category_limit&quot;:&quot;&quot;,&quot;show_date&quot;:&quot;yes&quot;,&quot;show_author&quot;:&quot;&quot;,&quot;show_comments&quot;:&quot;&quot;,&quot;card_height&quot;:{&quot;unit&quot;:&quot;px&quot;,&quot;size&quot;:&quot;&quot;,&quot;sizes&quot;:[]},&quot;show_excerpt&quot;:&quot;yes&quot;,&quot;excerpt_num_words&quot;:30,&quot;excerpt_source&quot;:&quot;&quot;,&quot;excerpt_html&quot;:&quot;yes&quot;,&quot;layout&quot;:&quot;d&quot;,&quot;show_read_more&quot;:&quot;yes&quot;,&quot;read_more_label&quot;:&quot;Leer m\\u00e1s&quot;,&quot;read_more_class&quot;:&quot;&quot;,&quot;post_image_width&quot;:&quot;1_3&quot;,&quot;show_post_icon&quot;:&quot;&quot;,&quot;query_source&quot;:&quot;posts&quot;,&quot;related_posts&quot;:&quot;&quot;,&quot;related_posts_order&quot;:&quot;&quot;,&quot;card_height_mobile&quot;:&quot;&quot;,&quot;card_height_tablet&quot;:&quot;&quot;,&quot;filter_by_c_tax&quot;:&quot;&quot;,&quot;labels_by_c_tax&quot;:&quot;&quot;}\"><\/ul>\n<\/nav>\n<\/div>\n\t\t\t\t<\/div>\n\t\t\t\t<\/div>\n\t\t\t\t\t<\/div>\n\t\t<\/div>\n\t\t\t\t\t<\/div>\n\t\t<\/section>\n\t\t\t\t<\/div>\n\t\t","protected":false},"excerpt":{"rendered":"<p>NOTICIAS Gobierno Bolivariano y C\u00e1maras de Comercio avanzan en ruta de trabajo hacia el desarrollo productivo e industrial del pa\u00eds Posted on23 de enero de 202623 de enero de 2026 El ministro del Poder Popular de Industrias y Comercio Nacional, Luis Antonio Villegas, sostuvo una mesa de trabajo con representantes de las diversas C\u00e1maras de Industrias y Comercio del pa\u00eds &#8230; Leer m\u00e1s Gobierno Nacional asignar\u00e1 recursos para el fortalecimiento del Poder Popular Posted on22 de enero de 202622 de enero de 2026 Desde el Palacio de Miraflores, el Gobierno Nacional anunci\u00f3 este mi\u00e9rcoles, un incremento hist\u00f3rico de al menos el 37% en los recursos asignados en divisas a la gesti\u00f3n p\u00fablica territorial &#8230; Leer m\u00e1s Ministerio del Comercio Nacional verifica operatividad del comercio local en Caricuao a trav\u00e9s del Plan Bodega Posted on22 de enero de 202622 de enero de 2026 En la Parroquia Caricuao el equipo del Ministerio del Poder Popular de Industrias y Comercio Nacional realiz\u00f3 un recorrido con el objetivo de evaluar la operatividad de las bodegas que &#8230; Leer m\u00e1s Presidenta Rodr\u00edguez: Primeros $300 millones por venta de petr\u00f3leo financiar\u00e1n ingresos de los trabajadores Posted on21 de enero de 202621 de enero de 2026 La presidenta encargada de la Rep\u00fablica Bolivariana de Venezuela, Delcy Rodr\u00edguez, lider\u00f3 una jornada de atenci\u00f3n social en la Base de Misiones Socialista \u201cHugo Salas\u201d, ubicada en la parroquia La &#8230; Leer m\u00e1s Venezuela avanza hacia la diversificaci\u00f3n econ\u00f3mica con el impulso del ecosistema digital Posted on20 de enero de 202620 de enero de 2026 El ministro del Poder Popular de Industrias y Comercio Nacional, Luis Antonio Villegas, sostuvo un encuentro con autoridades del Ministerio del Poder Popular de Econom\u00eda y Finanzas y junta directiva &#8230; Leer m\u00e1s Plan Bodega garantiza la producci\u00f3n comunal desde el territorio en Miranda Posted on17 de enero de 202620 de enero de 2026 Con el objetivo de fortalecer la econom\u00eda local y garantizar la producci\u00f3n desde el territorio a trav\u00e9s de las Salas de Gobierno Comunal, se llev\u00f3 a cabo una asamblea para &#8230; Leer m\u00e1s<\/p>\n","protected":false},"author":1,"featured_media":0,"parent":0,"menu_order":0,"comment_status":"closed","ping_status":"closed","template":"elementor_header_footer","meta":{"_monsterinsights_skip_tracking":false,"_monsterinsights_sitenote_active":false,"_monsterinsights_sitenote_note":"","_monsterinsights_sitenote_category":0,"footnotes":""},"class_list":["post-28886","page","type-page","status-publish","hentry"],"_links":{"self":[{"href":"https:\/\/www.sundde.gob.ve\/index.php?rest_route=\/wp\/v2\/pages\/28886","targetHints":{"allow":["GET"]}}],"collection":[{"href":"https:\/\/www.sundde.gob.ve\/index.php?rest_route=\/wp\/v2\/pages"}],"about":[{"href":"https:\/\/www.sundde.gob.ve\/index.php?rest_route=\/wp\/v2\/types\/page"}],"author":[{"embeddable":true,"href":"https:\/\/www.sundde.gob.ve\/index.php?rest_route=\/wp\/v2\/users\/1"}],"replies":[{"embeddable":true,"href":"https:\/\/www.sundde.gob.ve\/index.php?rest_route=%2Fwp%2Fv2%2Fcomments&post=28886"}],"version-history":[{"count":110,"href":"https:\/\/www.sundde.gob.ve\/index.php?rest_route=\/wp\/v2\/pages\/28886\/revisions"}],"predecessor-version":[{"id":42255,"href":"https:\/\/www.sundde.gob.ve\/index.php?rest_route=\/wp\/v2\/pages\/28886\/revisions\/42255"}],"wp:attachment":[{"href":"https:\/\/www.sundde.gob.ve\/index.php?rest_route=%2Fwp%2Fv2%2Fmedia&parent=28886"}],"curies":[{"name":"wp","href":"https:\/\/api.w.org\/{rel}","templated":true}]}}